{"id":3259,"date":"2023-08-07T05:28:09","date_gmt":"2023-08-07T05:28:09","guid":{"rendered":"https:\/\/uoogear.com\/?page_id=3259"},"modified":"2023-08-07T05:35:14","modified_gmt":"2023-08-07T05:35:14","slug":"brexit","status":"publish","type":"page","link":"https:\/\/uoogear.com\/hu\/brexit\/","title":{"rendered":"Brexit"},"content":{"rendered":"<div data-elementor-type=\"wp-page\" data-elementor-id=\"3259\" class=\"elementor elementor-3259\">\n\t\t\t\t\t\t\t\t\t<section class=\"elementor-section elementor-top-section elementor-element elementor-element-0e6ff3e elementor-section-boxed elementor-section-height-default elementor-section-height-default\" data-id=\"0e6ff3e\" data-element_type=\"section\">\n\t\t\t\t\t\t<div class=\"elementor-container elementor-column-gap-default\">\n\t\t\t\t\t<div class=\"elementor-column elementor-col-100 elementor-top-column elementor-element elementor-element-d98582c\" data-id=\"d98582c\" data-element_type=\"column\">\n\t\t\t<div class=\"elementor-widget-wrap elementor-element-populated\">\n\t\t\t\t\t\t\t\t<div class=\"elementor-element elementor-element-08d0798 elementor-widget elementor-widget-heading\" data-id=\"08d0798\" data-element_type=\"widget\" data-widget_type=\"heading.default\">\n\t\t\t\t<div class=\"elementor-widget-container\">\n\t\t\t<style>\/*! elementor - v3.14.0 - 26-06-2023 *\/\n.elementor-heading-title{padding:0;margin:0;line-height:1}.elementor-widget-heading .elementor-heading-title[class*=elementor-size-]>a{color:inherit;font-size:inherit;line-height:inherit}.elementor-widget-heading .elementor-heading-title.elementor-size-small{font-size:15px}.elementor-widget-heading .elementor-heading-title.elementor-size-medium{font-size:19px}.elementor-widget-heading .elementor-heading-title.elementor-size-large{font-size:29px}.elementor-widget-heading .elementor-heading-title.elementor-size-xl{font-size:39px}.elementor-widget-heading .elementor-heading-title.elementor-size-xxl{font-size:59px}<\/style><h2 class=\"elementor-heading-title elementor-size-default\">Brexit friss\u00edt\u00e9s<\/h2>\t\t<\/div>\n\t\t\t\t<\/div>\n\t\t\t\t<div class=\"elementor-element elementor-element-0b25089 elementor-widget elementor-widget-text-editor\" data-id=\"0b25089\" data-element_type=\"widget\" data-widget_type=\"text-editor.default\">\n\t\t\t\t<div class=\"elementor-widget-container\">\n\t\t\t<style>\/*! elementor - v3.14.0 - 26-06-2023 *\/\n.elementor-widget-text-editor.elementor-drop-cap-view-stacked .elementor-drop-cap{background-color:#69727d;color:#fff}.elementor-widget-text-editor.elementor-drop-cap-view-framed .elementor-drop-cap{color:#69727d;border:3px solid;background-color:transparent}.elementor-widget-text-editor:not(.elementor-drop-cap-view-default) .elementor-drop-cap{margin-top:8px}.elementor-widget-text-editor:not(.elementor-drop-cap-view-default) .elementor-drop-cap-letter{width:1em;height:1em}.elementor-widget-text-editor .elementor-drop-cap{float:left;text-align:center;line-height:1;font-size:50px}.elementor-widget-text-editor .elementor-drop-cap-letter{display:inline-block}<\/style>\t\t\t\t<strong>Friss\u00edt\u00e9s: \u00c1tmenetileg sz\u00fcneteltett\u00fck a csomagk\u00fcld\u00e9st az EU anyaorsz\u00e1gi orsz\u00e1gaiba, mik\u00f6zben \u00faj \u00e1fa-szab\u00e1lyok \u00e9s el\u0151\u00edr\u00e1sok l\u00e9pnek \u00e9letbe. C\u00e9lunk, hogy 2021. j\u00falius 12-ig tudjuk biztos\u00edtani a kisz\u00e1ll\u00edt\u00e1st az EU-ba. K\u00e9rj\u00fck, l\u00e1togasson vissza tov\u00e1bbi inform\u00e1ci\u00f3k\u00e9rt egy k\u00e9s\u0151bbi id\u0151pontban. \u0150szinte eln\u00e9z\u00e9st k\u00e9r\u00fcnk az esetleges kellemetlens\u00e9gek\u00e9rt.<\/strong>\t\t\t\t\t\t<\/div>\n\t\t\t\t<\/div>\n\t\t\t\t<div class=\"elementor-element elementor-element-0706693 elementor-widget elementor-widget-text-editor\" data-id=\"0706693\" data-element_type=\"widget\" data-widget_type=\"text-editor.default\">\n\t\t\t\t<div class=\"elementor-widget-container\">\n\t\t\t\t\t\t\t<p>Csomagokat sz\u00e1ll\u00edtunk a vil\u00e1g minden t\u00e1j\u00e1ra, m\u00e1r megvannak a kereskedelmi sz\u00e1ml\u00e1ink \u00e9s a folyamatok ahhoz, hogy a Brexit ut\u00e1n tov\u00e1bbra is kisz\u00e1ll\u00edtsuk az EU-ba.<\/p><p>Az Egyes\u00fclt Kir\u00e1lys\u00e1g kil\u00e9pett az Eur\u00f3pai Uni\u00f3b\u00f3l, ami hat\u00e1ssal lesz term\u00e9keink EU-n bel\u00fcli sz\u00e1ll\u00edt\u00e1s\u00e1ra.<\/p>\t\t\t\t\t\t<\/div>\n\t\t\t\t<\/div>\n\t\t\t\t<div class=\"elementor-element elementor-element-906d963 elementor-widget elementor-widget-heading\" data-id=\"906d963\" data-element_type=\"widget\" data-widget_type=\"heading.default\">\n\t\t\t\t<div class=\"elementor-widget-container\">\n\t\t\t<h4 class=\"elementor-heading-title elementor-size-default\">Mit is jelent ez?<\/h4>\t\t<\/div>\n\t\t\t\t<\/div>\n\t\t\t\t<div class=\"elementor-element elementor-element-a6d9397 elementor-icon-list--layout-traditional elementor-list-item-link-full_width elementor-widget elementor-widget-icon-list\" data-id=\"a6d9397\" data-element_type=\"widget\" data-widget_type=\"icon-list.default\">\n\t\t\t\t<div class=\"elementor-widget-container\">\n\t\t\t<link rel=\"stylesheet\" href=\"https:\/\/uoogear.com\/wp-content\/plugins\/elementor\/assets\/css\/widget-icon-list.min.css\">\t\t<ul class=\"elementor-icon-list-items\">\n\t\t\t\t\t\t\t<li class=\"elementor-icon-list-item\">\n\t\t\t\t\t\t\t\t\t\t\t<span class=\"elementor-icon-list-icon\">\n\t\t\t\t\t\t\t<i aria-hidden=\"true\" class=\"far fa-dot-circle\"><\/i>\t\t\t\t\t\t<\/span>\n\t\t\t\t\t\t\t\t\t\t<span class=\"elementor-icon-list-text\">A kisz\u00e1ll\u00edt\u00e1s egy-k\u00e9t nappal tov\u00e1bb tart.<\/span>\n\t\t\t\t\t\t\t\t\t<\/li>\n\t\t\t\t\t\t\t\t<li class=\"elementor-icon-list-item\">\n\t\t\t\t\t\t\t\t\t\t\t<span class=\"elementor-icon-list-icon\">\n\t\t\t\t\t\t\t<i aria-hidden=\"true\" class=\"far fa-dot-circle\"><\/i>\t\t\t\t\t\t<\/span>\n\t\t\t\t\t\t\t\t\t\t<span class=\"elementor-icon-list-text\">\u00d6n t\u00f6bb\u00e9 nem fizeti az Egyes\u00fclt Kir\u00e1lys\u00e1g ad\u00f3j\u00e1t a v\u00e1s\u00e1rl\u00e1sok ut\u00e1n.<\/span>\n\t\t\t\t\t\t\t\t\t<\/li>\n\t\t\t\t\t\t\t\t<li class=\"elementor-icon-list-item\">\n\t\t\t\t\t\t\t\t\t\t\t<span class=\"elementor-icon-list-icon\">\n\t\t\t\t\t\t\t<i aria-hidden=\"true\" class=\"far fa-dot-circle\"><\/i>\t\t\t\t\t\t<\/span>\n\t\t\t\t\t\t\t\t\t\t<span class=\"elementor-icon-list-text\">El\u0151fordulhat, hogy a kisz\u00e1ll\u00edt\u00e1s el\u0151tt importd\u00edjat vagy ad\u00f3t kell fizetnie saj\u00e1t orsz\u00e1g\u00e1ban.<\/span>\n\t\t\t\t\t\t\t\t\t<\/li>\n\t\t\t\t\t\t\t\t<li class=\"elementor-icon-list-item\">\n\t\t\t\t\t\t\t\t\t\t\t<span class=\"elementor-icon-list-icon\">\n\t\t\t\t\t\t\t<i aria-hidden=\"true\" class=\"far fa-dot-circle\"><\/i>\t\t\t\t\t\t<\/span>\n\t\t\t\t\t\t\t\t\t\t<span class=\"elementor-icon-list-text\">Lehets\u00e9ges, hogy importd\u00edjat kell fizetnie, ha a term\u00e9ket az Egyes\u00fclt Kir\u00e1lys\u00e1gon k\u00edv\u00fcl gy\u00e1rtott\u00e1k (ez a legt\u00f6bb term\u00e9k)<\/span>\n\t\t\t\t\t\t\t\t\t<\/li>\n\t\t\t\t\t\t<\/ul>\n\t\t\t\t<\/div>\n\t\t\t\t<\/div>\n\t\t\t\t<div class=\"elementor-element elementor-element-a29e04a elementor-widget elementor-widget-heading\" data-id=\"a29e04a\" data-element_type=\"widget\" data-widget_type=\"heading.default\">\n\t\t\t\t<div class=\"elementor-widget-container\">\n\t\t\t<h4 class=\"elementor-heading-title elementor-size-default\">Egyes\u00fclt Kir\u00e1lys\u00e1g \u00e9s \u00c9szak-\u00cdrorsz\u00e1g<\/h4>\t\t<\/div>\n\t\t\t\t<\/div>\n\t\t\t\t<div class=\"elementor-element elementor-element-6f6ac0a elementor-widget elementor-widget-text-editor\" data-id=\"6f6ac0a\" data-element_type=\"widget\" data-widget_type=\"text-editor.default\">\n\t\t\t\t<div class=\"elementor-widget-container\">\n\t\t\t\t\t\t\t<strong>Sz\u00e1ll\u00edt\u00e1s<\/strong>\t\t\t\t\t\t<\/div>\n\t\t\t\t<\/div>\n\t\t\t\t<div class=\"elementor-element elementor-element-cf8a092 elementor-widget elementor-widget-text-editor\" data-id=\"cf8a092\" data-element_type=\"widget\" data-widget_type=\"text-editor.default\">\n\t\t\t\t<div class=\"elementor-widget-container\">\n\t\t\t\t\t\t\tAz Egyes\u00fclt Kir\u00e1lys\u00e1g, bele\u00e9rtve \u00c9szak-\u00cdrorsz\u00e1got is, a megszokott marad, \u00e9s ez nem \u00e9rinti a k\u00e9zbes\u00edt\u00e9st. V\u00e1llalkoz\u00e1sunk az Egyes\u00fclt Kir\u00e1lys\u00e1gban tal\u00e1lhat\u00f3, \u00e9s mivel \u00c9szak-\u00cdrorsz\u00e1g tov\u00e1bbra is az Egyes\u00fclt Kir\u00e1lys\u00e1g r\u00e9sze, az \u00d6n r\u00e9gi\u00f3j\u00e1ba ir\u00e1nyul\u00f3 sz\u00e1ll\u00edt\u00e1sainkat ez nem \u00e9rinti.\t\t\t\t\t\t<\/div>\n\t\t\t\t<\/div>\n\t\t\t\t<div class=\"elementor-element elementor-element-73e8e32 elementor-widget elementor-widget-text-editor\" data-id=\"73e8e32\" data-element_type=\"widget\" data-widget_type=\"text-editor.default\">\n\t\t\t\t<div class=\"elementor-widget-container\">\n\t\t\t\t\t\t\t<strong>Fizetnem kell ad\u00f3t vagy behozatali d\u00edjat, hogy a csomagomat \u00c9szak-\u00cdrorsz\u00e1gba k\u00e9zbes\u00edtsem?<\/strong>\t\t\t\t\t\t<\/div>\n\t\t\t\t<\/div>\n\t\t\t\t<div class=\"elementor-element elementor-element-106783e elementor-widget elementor-widget-text-editor\" data-id=\"106783e\" data-element_type=\"widget\" data-widget_type=\"text-editor.default\">\n\t\t\t\t<div class=\"elementor-widget-container\">\n\t\t\t\t\t\t\t<p>Nem, mivel a bels\u0151 piac fedez benn\u00fcnket, hogy \u00e1rukat k\u00fcldj\u00fcnk \u00c9szak-\u00cdrorsz\u00e1gba. Megrendel\u00e9s\u00e9re az Egyes\u00fclt Kir\u00e1lys\u00e1g 20% ad\u00f3kulcsa vonatkozik.<\/p><p>El\u0151fordulhat, hogy n\u00e9h\u00e1ny tov\u00e1bbi pap\u00edrmunka h\u00e1rul r\u00e1nk, hogy biztosan meg\u00e9rkezzen a csomagja.<\/p>\t\t\t\t\t\t<\/div>\n\t\t\t\t<\/div>\n\t\t\t\t<div class=\"elementor-element elementor-element-604421c elementor-widget elementor-widget-heading\" data-id=\"604421c\" data-element_type=\"widget\" data-widget_type=\"heading.default\">\n\t\t\t\t<div class=\"elementor-widget-container\">\n\t\t\t<h4 class=\"elementor-heading-title elementor-size-default\">Eur\u00f3pa t\u00f6bbi r\u00e9sze<\/h4>\t\t<\/div>\n\t\t\t\t<\/div>\n\t\t\t\t<div class=\"elementor-element elementor-element-807a3bd elementor-widget elementor-widget-text-editor\" data-id=\"807a3bd\" data-element_type=\"widget\" data-widget_type=\"text-editor.default\">\n\t\t\t\t<div class=\"elementor-widget-container\">\n\t\t\t\t\t\t\tWeboldalunkon elt\u00e1vol\u00edtottuk az \u00e1f\u00e1t az \u00f6sszes eur\u00f3pai orsz\u00e1gba t\u00f6rt\u00e9n\u0151 sz\u00e1ll\u00edt\u00e1sb\u00f3l. Mostant\u00f3l azonban importad\u00f3t kell fizetnie megrendel\u00e9se ut\u00e1n, mivel rendel\u00e9se az Eur\u00f3pai Uni\u00f3n k\u00edv\u00fclr\u0151l \u00e9rkezik, amely az \u00d6n \u00f6nkorm\u00e1nyzat\u00e1t\u00f3l \u00e9rkezik. Ez lesz az \u00d6n ad\u00f3kulcsa a saj\u00e1t orsz\u00e1g\u00e1ban. P\u00e9ld\u00e1k al\u00e1bb:\t\t\t\t\t\t<\/div>\n\t\t\t\t<\/div>\n\t\t\t\t<div class=\"elementor-element elementor-element-883933c elementor-icon-list--layout-traditional elementor-list-item-link-full_width elementor-widget elementor-widget-icon-list\" data-id=\"883933c\" data-element_type=\"widget\" data-widget_type=\"icon-list.default\">\n\t\t\t\t<div class=\"elementor-widget-container\">\n\t\t\t\t\t<ul class=\"elementor-icon-list-items\">\n\t\t\t\t\t\t\t<li class=\"elementor-icon-list-item\">\n\t\t\t\t\t\t\t\t\t\t\t<span class=\"elementor-icon-list-icon\">\n\t\t\t\t\t\t\t<i aria-hidden=\"true\" class=\"far fa-dot-circle\"><\/i>\t\t\t\t\t\t<\/span>\n\t\t\t\t\t\t\t\t\t\t<span class=\"elementor-icon-list-text\">Ausztria: 20%<\/span>\n\t\t\t\t\t\t\t\t\t<\/li>\n\t\t\t\t\t\t\t\t<li class=\"elementor-icon-list-item\">\n\t\t\t\t\t\t\t\t\t\t\t<span class=\"elementor-icon-list-icon\">\n\t\t\t\t\t\t\t<i aria-hidden=\"true\" class=\"far fa-dot-circle\"><\/i>\t\t\t\t\t\t<\/span>\n\t\t\t\t\t\t\t\t\t\t<span class=\"elementor-icon-list-text\">Franciaorsz\u00e1g: 20%<\/span>\n\t\t\t\t\t\t\t\t\t<\/li>\n\t\t\t\t\t\t\t\t<li class=\"elementor-icon-list-item\">\n\t\t\t\t\t\t\t\t\t\t\t<span class=\"elementor-icon-list-icon\">\n\t\t\t\t\t\t\t<i aria-hidden=\"true\" class=\"far fa-dot-circle\"><\/i>\t\t\t\t\t\t<\/span>\n\t\t\t\t\t\t\t\t\t\t<span class=\"elementor-icon-list-text\">N\u00e9metorsz\u00e1g: 19%<\/span>\n\t\t\t\t\t\t\t\t\t<\/li>\n\t\t\t\t\t\t\t\t<li class=\"elementor-icon-list-item\">\n\t\t\t\t\t\t\t\t\t\t\t<span class=\"elementor-icon-list-icon\">\n\t\t\t\t\t\t\t<i aria-hidden=\"true\" class=\"far fa-dot-circle\"><\/i>\t\t\t\t\t\t<\/span>\n\t\t\t\t\t\t\t\t\t\t<span class=\"elementor-icon-list-text\">\u00cdrorsz\u00e1g: 23% (21% a koronav\u00edrus idej\u00e9n)<\/span>\n\t\t\t\t\t\t\t\t\t<\/li>\n\t\t\t\t\t\t\t\t<li class=\"elementor-icon-list-item\">\n\t\t\t\t\t\t\t\t\t\t\t<span class=\"elementor-icon-list-icon\">\n\t\t\t\t\t\t\t<i aria-hidden=\"true\" class=\"far fa-dot-circle\"><\/i>\t\t\t\t\t\t<\/span>\n\t\t\t\t\t\t\t\t\t\t<span class=\"elementor-icon-list-text\">Olaszorsz\u00e1g: 22%<\/span>\n\t\t\t\t\t\t\t\t\t<\/li>\n\t\t\t\t\t\t\t\t<li class=\"elementor-icon-list-item\">\n\t\t\t\t\t\t\t\t\t\t\t<span class=\"elementor-icon-list-icon\">\n\t\t\t\t\t\t\t<i aria-hidden=\"true\" class=\"far fa-dot-circle\"><\/i>\t\t\t\t\t\t<\/span>\n\t\t\t\t\t\t\t\t\t\t<span class=\"elementor-icon-list-text\">Lengyelorsz\u00e1g: 23%<\/span>\n\t\t\t\t\t\t\t\t\t<\/li>\n\t\t\t\t\t\t\t\t<li class=\"elementor-icon-list-item\">\n\t\t\t\t\t\t\t\t\t\t\t<span class=\"elementor-icon-list-icon\">\n\t\t\t\t\t\t\t<i aria-hidden=\"true\" class=\"far fa-dot-circle\"><\/i>\t\t\t\t\t\t<\/span>\n\t\t\t\t\t\t\t\t\t\t<span class=\"elementor-icon-list-text\">Portug\u00e1lia: 23%<\/span>\n\t\t\t\t\t\t\t\t\t<\/li>\n\t\t\t\t\t\t\t\t<li class=\"elementor-icon-list-item\">\n\t\t\t\t\t\t\t\t\t\t\t<span class=\"elementor-icon-list-icon\">\n\t\t\t\t\t\t\t<i aria-hidden=\"true\" class=\"far fa-dot-circle\"><\/i>\t\t\t\t\t\t<\/span>\n\t\t\t\t\t\t\t\t\t\t<span class=\"elementor-icon-list-text\">Spanyolorsz\u00e1g: 21%<\/span>\n\t\t\t\t\t\t\t\t\t<\/li>\n\t\t\t\t\t\t<\/ul>\n\t\t\t\t<\/div>\n\t\t\t\t<\/div>\n\t\t\t\t<div class=\"elementor-element elementor-element-56d086b elementor-widget elementor-widget-heading\" data-id=\"56d086b\" data-element_type=\"widget\" data-widget_type=\"heading.default\">\n\t\t\t\t<div class=\"elementor-widget-container\">\n\t\t\t<h4 class=\"elementor-heading-title elementor-size-default\">Import d\u00edjak<\/h4>\t\t<\/div>\n\t\t\t\t<\/div>\n\t\t\t\t<div class=\"elementor-element elementor-element-a383d82 elementor-widget elementor-widget-text-editor\" data-id=\"a383d82\" data-element_type=\"widget\" data-widget_type=\"text-editor.default\">\n\t\t\t\t<div class=\"elementor-widget-container\">\n\t\t\t\t\t\t\tEl\u0151fordulhat, hogy az \u00e1fakulcson fel\u00fcl import d\u00edjat kell fizetnie, ha az \u00e1ltalunk kik\u00fcld\u00f6tt term\u00e9kek az Egyes\u00fclt Kir\u00e1lys\u00e1gon k\u00edv\u00fcl k\u00e9sz\u00fclnek, ami az \u00e1ltalunk forgalmazott term\u00e9kek 99.9% \u2013 K\u00edn\u00e1ban vagy Vietnamban k\u00e9sz\u00fclt. Ez a d\u00edj orsz\u00e1gonk\u00e9nt elt\u00e9r\u0151, \u00e9s ennek ellen\u0151rz\u00e9s\u00e9hez a helyi \u00e1fahivataln\u00e1l kell \u00e9rdekl\u0151dnie. A d\u00edj orsz\u00e1gt\u00f3l f\u00fcgg\u0151en \u00e1ltal\u00e1ban 121 TP3T k\u00f6r\u00fcl van.\t\t\t\t\t\t<\/div>\n\t\t\t\t<\/div>\n\t\t\t\t<div class=\"elementor-element elementor-element-b5194f4 elementor-widget elementor-widget-text-editor\" data-id=\"b5194f4\" data-element_type=\"widget\" data-widget_type=\"text-editor.default\">\n\t\t\t\t<div class=\"elementor-widget-container\">\n\t\t\t\t\t\t\tK\u00e9ts\u00e9gtelen, hogy dr\u00e1g\u00e1bb az EU-n k\u00edv\u00fclr\u0151l rendelni, ha az EU-n bel\u00fcl \u00e9l, mivel t\u00f6bb ad\u00f3t \u00e9s importv\u00e1mot kell fizetnie \u2013 ez\u00e9rt mindig b\u00f6lcs dolog, ha megpr\u00f3b\u00e1lja helyben beszerezni a rendel\u00e9st \u2013 vagy \u00e9rdekl\u0151dj\u00f6n A megrendel\u00e9s felad\u00e1sa el\u0151tt t\u00e1j\u00e9koz\u00f3djon a helyi \u00f6nkorm\u00e1nyzatn\u00e1l, hogy milyen k\u00f6lts\u00e9gekkel j\u00e1rhat az import\u00e1l\u00e1s.\t\t\t\t\t\t<\/div>\n\t\t\t\t<\/div>\n\t\t\t\t\t<\/div>\n\t\t<\/div>\n\t\t\t\t\t\t\t<\/div>\n\t\t<\/section>\n\t\t\t\t\t\t\t<\/div>","protected":false},"excerpt":{"rendered":"<p>Friss\u00edt\u00e9s a Brexitr\u0151l: \u00c1tmenetileg felf\u00fcggesztett\u00fck a csomagk\u00fcld\u00e9st az EU sz\u00e1razf\u00f6ldi orsz\u00e1gaiba, m\u00edg az \u00faj \u00e1fa-szab\u00e1lyok \u00e9s el\u0151\u00edr\u00e1sok bevezet\u00e9sre ker\u00fclnek. C\u00e9lunk, hogy 2021. j\u00falius 12-ig tudjuk biztos\u00edtani a kisz\u00e1ll\u00edt\u00e1st az EU-ba. K\u00e9rj\u00fck, l\u00e1togasson vissza tov\u00e1bbi inform\u00e1ci\u00f3k\u00e9rt egy k\u00e9s\u0151bbi id\u0151pontban. \u0150szinte eln\u00e9z\u00e9st k\u00e9r\u00fcnk az esetleges kellemetlens\u00e9gek\u00e9rt. sz\u00e1ll\u00edtunk<\/p>\n<div class=\"read-more\"><a class=\"btn btn-fill-out\" href=\"https:\/\/uoogear.com\/hu\/brexit\/\">Olvass tov\u00e1bb<\/a><\/div>","protected":false},"author":1,"featured_media":0,"parent":0,"menu_order":0,"comment_status":"closed","ping_status":"closed","template":"","meta":{"footnotes":""},"class_list":["post-3259","page","type-page","status-publish","hentry"],"_links":{"self":[{"href":"https:\/\/uoogear.com\/hu\/wp-json\/wp\/v2\/pages\/3259","targetHints":{"allow":["GET"]}}],"collection":[{"href":"https:\/\/uoogear.com\/hu\/wp-json\/wp\/v2\/pages"}],"about":[{"href":"https:\/\/uoogear.com\/hu\/wp-json\/wp\/v2\/types\/page"}],"author":[{"embeddable":true,"href":"https:\/\/uoogear.com\/hu\/wp-json\/wp\/v2\/users\/1"}],"replies":[{"embeddable":true,"href":"https:\/\/uoogear.com\/hu\/wp-json\/wp\/v2\/comments?post=3259"}],"version-history":[{"count":16,"href":"https:\/\/uoogear.com\/hu\/wp-json\/wp\/v2\/pages\/3259\/revisions"}],"predecessor-version":[{"id":3278,"href":"https:\/\/uoogear.com\/hu\/wp-json\/wp\/v2\/pages\/3259\/revisions\/3278"}],"wp:attachment":[{"href":"https:\/\/uoogear.com\/hu\/wp-json\/wp\/v2\/media?parent=3259"}],"curies":[{"name":"wp","href":"https:\/\/api.w.org\/{rel}","templated":true}]}}